{"version":"1.0","type":"rich","provider_name":"Direction r\u00e9gionale de l&#8217;\u00e9conomie, de l&#8217;emploi, du travail et des solidarit\u00e9s (DREETS)","provider_url":"http:\/\/grand-est.dreets.gouv.fr","title":"Appel \u00e0 projets&nbsp;: \"Mieux Manger pour Tous\"","author_name":"Florence JEANDEL","width":"480","height":"295","url":"https:\/\/grand-est.dreets.gouv.fr\/Appel-a-projets-Mieux-Manger-pour-Tous-20119","html":"\u003Ch4 class='title'\u003E\u003Ca href='https:\/\/grand-est.dreets.gouv.fr\/Appel-a-projets-Mieux-Manger-pour-Tous-20119'\u003EAppel \u00e0 projets&nbsp;: \"Mieux Manger pour Tous\"\u003C\/a\u003E\u003C\/h4\u003E\u003Cblockquote class='spip'\u003E\u003Cp\u003EL\u2019appel \u00e0 projets \"Mieux Manger pour Tous \" 2026 est ouvert jusqu\u2019au lundi 30 juin 2026.\u003C\/p\u003E\u003C\/blockquote\u003E\n"}